{"id":2,"date":"2015-01-25T13:00:38","date_gmt":"2015-01-25T12:00:38","guid":{"rendered":"http:\/\/www.pielnet.fr\/carnet\/?page_id=2"},"modified":"2024-03-21T08:10:48","modified_gmt":"2024-03-21T07:10:48","slug":"contact","status":"publish","type":"page","link":"https:\/\/www.pielnet.fr\/carnet\/contact\/","title":{"rendered":"contact"},"content":{"rendered":"\n<p><code><div id=\"simple-contact-form-wrap\">\r\n\t\t<div id=\"simple-contact-form\" class=\"scf\">\r\n\t\t\t<form action=\"#simple-contact-form-wrap\" method=\"post\">\r\n\t\t\t\t<div class=\"scf-row scf-name\">\r\n\t\t\t\t\t<label for=\"scf_name\">Votre Nom<\/label>\r\n\t\t\t\t\t<input name=\"scf_name\" id=\"scf_name\" type=\"text\" size=\"33\" maxlength=\"99\" value=\"\" placeholder=\"Votre Nom\" \/>\r\n\t\t\t\t<\/div>\r\n\t\t\t\t<div class=\"scf-row scf-email\">\r\n\t\t\t\t\t<label for=\"scf_email\">Votre Email<\/label>\r\n\t\t\t\t\t<input name=\"scf_email\" id=\"scf_email\" type=\"text\" size=\"33\" maxlength=\"99\" value=\"\" placeholder=\"Votre Email\" \/>\r\n\t\t\t\t<\/div>\r\n\t\t<div class=\"scf-row scf-confirm-email\">\r\n\t\t\t<label for=\"scf_confirm_email\">Confirm Your Email<\/label>\r\n\t\t\t<input name=\"scf_confirm_email\" id=\"scf_confirm_email\" type=\"text\" size=\"33\" maxlength=\"99\" value=\"\" placeholder=\"Confirm Your Email\" \/>\r\n\t\t<\/div>\r\n\t\t\t\t<div class=\"scf-row scf-response\">\r\n\t\t\t\t\t<label for=\"scf_response\">1 + 1 =<\/label>\r\n\t\t\t\t\t<input name=\"scf_response\" id=\"scf_response\" type=\"text\" size=\"33\" maxlength=\"99\" value=\"\" placeholder=\"R\u00e9ponse correct\" \/>\r\n\t\t\t\t<\/div>\r\n\t\t\t\t<div class=\"scf-row scf-message\">\r\n\t\t\t\t\t<label for=\"scf_message\">Votre Message<\/label>\r\n\t\t\t\t\t<textarea name=\"scf_message\" id=\"scf_message\" cols=\"33\" rows=\"7\" placeholder=\"Votre Message\"><\/textarea>\r\n\t\t\t\t<\/div><div class=\"scf-submit\">\r\n\t\t\t\t\t<input type=\"submit\" id=\"scf-button\" value=\"Envoyer\">\r\n\t\t\t\t\t<input type=\"hidden\" id=\"scf-key\" name=\"scf-key\" value=\"process\">\r\n\t\t\t\t\t<input type=\"hidden\" id=\"scf-nonce\" name=\"scf-nonce\" value=\"a92b59149d\" \/>\r\n\t\t\t\t<\/div>\t<div class=\"scf-confirm-checkbox\">\r\n\t\t<label><input type=\"checkbox\" required> I consent to having this website store my submitted information so they can respond to my inquiry. See our privacy policy to learn more how we use data.<\/label>\r\n\t<\/div><!-- .scf-confirm-checkbox -->\r\n\t<\/form>\r\n\t\t<\/div>\r\n\t\t<style>.scf-confirm-checkbox { margin-top: 15px; } .scf-website3dhhsy3 { display: none; } #simple-contact-form .scf-row { width: 100%; overflow: hidden; margin: 5px 0; padding: 5px 0; border: 0; } #simple-contact-form .scf-row input { box-sizing: border-box; float: left; clear: none; width: 75%; margin: 0; } #simple-contact-form .scf-row label { box-sizing: border-box; float: left; clear: both; width: 25%; margin-top: 5px; font-size: 90%; } #simple-contact-form .scf-row textarea { box-sizing: border-box; float: left; clear: both; width: 100%; margin-top: 2px; }#simple-contact-form form { max-width: 700px; padding: 5px; }\r\n#simple-contact-form .scf-row { width: 100%; overflow: hidden; margin: 5px 0; padding: 5px 0; border: 0; }\r\n#simple-contact-form .scf-row input { box-sizing: border-box; float: left; clear: none; width: 75%; margin: 0; }\r\n#simple-contact-form .scf-row label { box-sizing: border-box; float: left; clear: both; width: 25%; margin-top: 5px; font-size: 90%; }\r\n#simple-contact-form .scf-row textarea { box-sizing: border-box; float: left; clear: both; width: 100%; margin-top: 2px; }\r\n#scf_success pre { white-space: pre-wrap; }\r\np.scf_error, p.scf_spam { color: #cc0000; }\r\ndiv.scf-submit { margin-top: 10px; }\r\np.scf_success { color: #669966; }\r\n.scf-confirm-checkbox { margin-top: 15px; }\r\n.scf-website3dhhsy3 { display: none; }<\/style><div style=\"clear:both;\">&nbsp;<\/div><\/div><\/code><\/p>\n\n\n<p style=\"text-align: center;\">0630084430 (Arnaud JAMIN)<\/p>\n<hr><center><\/center><center><\/center><\/p>\n<p>&nbsp;<\/p>\n\n\n<p class=\"has-text-align-center\"><a href=\"https:\/\/www.facebook.com\/pielart\">PAGE FACEBOOK<\/a><\/p>\n\n\n\n<p>&nbsp;<\/p>\n\n\n\n<figure class=\"wp-block-image\"><img loading=\"lazy\" decoding=\"async\" width=\"1024\" height=\"498\" class=\"wp-image-1124\" src=\"http:\/\/www.pielnet.fr\/carnet\/wp-content\/uploads\/2019\/04\/20190318_131303-1-1024x498.jpg\" alt=\"\" srcset=\"https:\/\/www.pielnet.fr\/carnet\/wp-content\/uploads\/2019\/04\/20190318_131303-1-1024x498.jpg 1024w, https:\/\/www.pielnet.fr\/carnet\/wp-content\/uploads\/2019\/04\/20190318_131303-1-300x146.jpg 300w, https:\/\/www.pielnet.fr\/carnet\/wp-content\/uploads\/2019\/04\/20190318_131303-1-768x373.jpg 768w\" sizes=\"auto, (max-width: 1024px) 100vw, 1024px\" \/>\r\n<figcaption>Tournage Parc Caps et Marais d&rsquo;Opal &#8211; Mars 2019<\/figcaption>\r\n<\/figure>\n\n\n\n<figure class=\"wp-block-image\"><img loading=\"lazy\" decoding=\"async\" width=\"1024\" height=\"683\" class=\"wp-image-747\" src=\"http:\/\/www.pielnet.fr\/carnet\/wp-content\/uploads\/2018\/12\/2018-12-02-2-1024x683.png\" alt=\"\" srcset=\"https:\/\/www.pielnet.fr\/carnet\/wp-content\/uploads\/2018\/12\/2018-12-02-2-1024x683.png 1024w, https:\/\/www.pielnet.fr\/carnet\/wp-content\/uploads\/2018\/12\/2018-12-02-2-300x200.png 300w, https:\/\/www.pielnet.fr\/carnet\/wp-content\/uploads\/2018\/12\/2018-12-02-2-768x512.png 768w, https:\/\/www.pielnet.fr\/carnet\/wp-content\/uploads\/2018\/12\/2018-12-02-2-666x444.png 666w, https:\/\/www.pielnet.fr\/carnet\/wp-content\/uploads\/2018\/12\/2018-12-02-2.png 1920w\" sizes=\"auto, (max-width: 1024px) 100vw, 1024px\" \/>\r\n<figcaption>Cyrano de Bergerac par le Chergui Th\u00e9\u00e2tre<\/figcaption>\r\n<\/figure>\n\n\n\n<figure class=\"wp-block-image\"><img loading=\"lazy\" decoding=\"async\" width=\"1024\" height=\"574\" class=\"wp-image-1114\" src=\"http:\/\/www.pielnet.fr\/carnet\/wp-content\/uploads\/2019\/04\/SANSAIS-Lagarette-1024x574.png\" alt=\"\" srcset=\"https:\/\/www.pielnet.fr\/carnet\/wp-content\/uploads\/2019\/04\/SANSAIS-Lagarette-1024x574.png 1024w, https:\/\/www.pielnet.fr\/carnet\/wp-content\/uploads\/2019\/04\/SANSAIS-Lagarette-300x168.png 300w, https:\/\/www.pielnet.fr\/carnet\/wp-content\/uploads\/2019\/04\/SANSAIS-Lagarette-768x430.png 768w, https:\/\/www.pielnet.fr\/carnet\/wp-content\/uploads\/2019\/04\/SANSAIS-Lagarette-990x556.png 990w, https:\/\/www.pielnet.fr\/carnet\/wp-content\/uploads\/2019\/04\/SANSAIS-Lagarette.png 1920w\" sizes=\"auto, (max-width: 1024px) 100vw, 1024px\" \/>\r\n<figcaption>Le site de Sansais-La Garette<\/figcaption>\r\n<\/figure>\n\n\n\n<figure class=\"wp-block-image\"><img loading=\"lazy\" decoding=\"async\" width=\"781\" height=\"447\" class=\"wp-image-1115\" src=\"http:\/\/www.pielnet.fr\/carnet\/wp-content\/uploads\/2019\/04\/voeux2019piel.jpg\" alt=\"\" srcset=\"https:\/\/www.pielnet.fr\/carnet\/wp-content\/uploads\/2019\/04\/voeux2019piel.jpg 781w, https:\/\/www.pielnet.fr\/carnet\/wp-content\/uploads\/2019\/04\/voeux2019piel-300x172.jpg 300w, https:\/\/www.pielnet.fr\/carnet\/wp-content\/uploads\/2019\/04\/voeux2019piel-768x440.jpg 768w\" sizes=\"auto, (max-width: 781px) 100vw, 781px\" \/>\r\n<figcaption>S\u00e9rie vid\u00e9o Inventer Demain pour la F\u00e9d\u00e9ration des Parcs naturels r\u00e9gionaux de France<\/figcaption>\r\n<\/figure>\n\n\n\n<figure class=\"wp-block-image\"><img loading=\"lazy\" decoding=\"async\" width=\"1024\" height=\"608\" class=\"wp-image-1116\" src=\"http:\/\/www.pielnet.fr\/carnet\/wp-content\/uploads\/2019\/04\/villefranchedeconflent-1024x608.png\" alt=\"\" srcset=\"https:\/\/www.pielnet.fr\/carnet\/wp-content\/uploads\/2019\/04\/villefranchedeconflent-1024x608.png 1024w, https:\/\/www.pielnet.fr\/carnet\/wp-content\/uploads\/2019\/04\/villefranchedeconflent-300x178.png 300w, https:\/\/www.pielnet.fr\/carnet\/wp-content\/uploads\/2019\/04\/villefranchedeconflent-768x456.png 768w, https:\/\/www.pielnet.fr\/carnet\/wp-content\/uploads\/2019\/04\/villefranchedeconflent.png 1879w\" sizes=\"auto, (max-width: 1024px) 100vw, 1024px\" \/>\r\n<figcaption>Le site des commer\u00e7ants de Villefranche de Conflent<\/figcaption>\r\n<\/figure>\n\n\n\n<figure class=\"wp-block-image\"><img loading=\"lazy\" decoding=\"async\" width=\"1024\" height=\"768\" class=\"wp-image-1117\" src=\"http:\/\/www.pielnet.fr\/carnet\/wp-content\/uploads\/2019\/04\/DaveVent-Stevens-03-1-1024x768.jpg\" alt=\"\" srcset=\"https:\/\/www.pielnet.fr\/carnet\/wp-content\/uploads\/2019\/04\/DaveVent-Stevens-03-1-1024x768.jpg 1024w, https:\/\/www.pielnet.fr\/carnet\/wp-content\/uploads\/2019\/04\/DaveVent-Stevens-03-1-300x225.jpg 300w, https:\/\/www.pielnet.fr\/carnet\/wp-content\/uploads\/2019\/04\/DaveVent-Stevens-03-1-768x576.jpg 768w, https:\/\/www.pielnet.fr\/carnet\/wp-content\/uploads\/2019\/04\/DaveVent-Stevens-03-1-755x566.jpg 755w, https:\/\/www.pielnet.fr\/carnet\/wp-content\/uploads\/2019\/04\/DaveVent-Stevens-03-1.jpg 1500w\" sizes=\"auto, (max-width: 1024px) 100vw, 1024px\" \/>\r\n<figcaption>Documentaire avec les enfants chez Bob Morse<\/figcaption>\r\n<\/figure>\n\n\n\n<figure class=\"wp-block-image\"><img loading=\"lazy\" decoding=\"async\" width=\"1024\" height=\"576\" class=\"wp-image-1122\" src=\"http:\/\/www.pielnet.fr\/carnet\/wp-content\/uploads\/2019\/04\/S\u00e9quence-01_16_Moment-1024x576.jpg\" alt=\"\" srcset=\"https:\/\/www.pielnet.fr\/carnet\/wp-content\/uploads\/2019\/04\/S\u00e9quence-01_16_Moment-1024x576.jpg 1024w, https:\/\/www.pielnet.fr\/carnet\/wp-content\/uploads\/2019\/04\/S\u00e9quence-01_16_Moment-300x169.jpg 300w, https:\/\/www.pielnet.fr\/carnet\/wp-content\/uploads\/2019\/04\/S\u00e9quence-01_16_Moment-768x432.jpg 768w, https:\/\/www.pielnet.fr\/carnet\/wp-content\/uploads\/2019\/04\/S\u00e9quence-01_16_Moment-990x556.jpg 990w, https:\/\/www.pielnet.fr\/carnet\/wp-content\/uploads\/2019\/04\/S\u00e9quence-01_16_Moment.jpg 1920w\" sizes=\"auto, (max-width: 1024px) 100vw, 1024px\" \/>\r\n<figcaption>Follow F\u00fcller &#8211; film pour le spectacle<\/figcaption>\r\n<\/figure>\n\n\n\n<p>Cr\u00e9ations au service des arts, de la culture, du social, de l&rsquo;humain, du local et de la communaut\u00e9 et d&rsquo;une certaine beaut\u00e9 du monde. D\u00e9veloppement php\/mysql sur mesure. Administration de serveurs. compatibilit\u00e9 multi-supports Vid\u00e9o, sites web &amp; Photo depuis 1999. freelance. <a href=\"http:\/\/www.pielnet.fr\/index.php?pages=bio\" target=\"_blank\" rel=\"noreferrer noopener\">en savoir plus&#8230;<\/a><\/p>\n\n\n\n<p class=\"has-text-align-center\"><a href=\"http:\/\/www.pielnet.fr\" target=\"_blank\" rel=\"noreferrer noopener\">www.pielnet.fr<\/a><\/p>\n\n\n\n<p>&nbsp;<\/p>\n\n\n<div class=\"my-counter\">10<\/div>\n","protected":false},"excerpt":{"rendered":"<p>0630084430 (Arnaud JAMIN) &nbsp; PAGE FACEBOOK &nbsp; Cr\u00e9ations au service des arts, de la culture, du social, de l&rsquo;humain, du local et de la communaut\u00e9 et d&rsquo;une certaine beaut\u00e9 du monde. D\u00e9veloppement php\/mysql sur mesure. Administration de serveurs. compatibilit\u00e9 multi-supports Vid\u00e9o, sites web &amp; Photo depuis 1999. freelance. en savoir plus&#8230; www.pielnet.fr &nbsp;<\/p>\n","protected":false},"author":1,"featured_media":1565,"parent":0,"menu_order":0,"comment_status":"open","ping_status":"closed","template":"","meta":{"footnotes":""},"class_list":["post-2","page","type-page","status-publish","has-post-thumbnail","hentry"],"yoast_head":"<!-- This site is optimized with the Yoast SEO plugin v26.7 - https:\/\/yoast.com\/wordpress\/plugins\/seo\/ -->\n<title>contact - le carnet - Piel<\/title>\n<meta name=\"robots\" content=\"index, follow, max-snippet:-1, max-image-preview:large, max-video-preview:-1\" \/>\n<link rel=\"canonical\" href=\"https:\/\/www.pielnet.fr\/carnet\/contact\/\" \/>\n<meta property=\"og:locale\" content=\"fr_FR\" \/>\n<meta property=\"og:type\" content=\"article\" \/>\n<meta property=\"og:title\" content=\"contact - le carnet - Piel\" \/>\n<meta property=\"og:description\" content=\"0630084430 (Arnaud JAMIN) &nbsp; PAGE FACEBOOK &nbsp; Cr\u00e9ations au service des arts, de la culture, du social, de l&rsquo;humain, du local et de la communaut\u00e9 et d&rsquo;une certaine beaut\u00e9 du monde. D\u00e9veloppement php\/mysql sur mesure. Administration de serveurs. compatibilit\u00e9 multi-supports Vid\u00e9o, sites web &amp; Photo depuis 1999. freelance. en savoir plus&#8230; www.pielnet.fr &nbsp;\" \/>\n<meta property=\"og:url\" content=\"https:\/\/www.pielnet.fr\/carnet\/contact\/\" \/>\n<meta property=\"og:site_name\" content=\"le carnet - Piel\" \/>\n<meta property=\"article:modified_time\" content=\"2024-03-21T07:10:48+00:00\" \/>\n<meta property=\"og:image\" content=\"https:\/\/www.pielnet.fr\/carnet\/wp-content\/uploads\/2020\/01\/piel_poissoncoloresL800x150.png\" \/>\n\t<meta property=\"og:image:width\" content=\"800\" \/>\n\t<meta property=\"og:image:height\" content=\"600\" \/>\n\t<meta property=\"og:image:type\" content=\"image\/png\" \/>\n<meta name=\"twitter:card\" content=\"summary_large_image\" \/>\n<meta name=\"twitter:label1\" content=\"Dur\u00e9e de lecture estim\u00e9e\" \/>\n\t<meta name=\"twitter:data1\" content=\"3 minutes\" \/>\n<script type=\"application\/ld+json\" class=\"yoast-schema-graph\">{\"@context\":\"https:\/\/schema.org\",\"@graph\":[{\"@type\":\"WebPage\",\"@id\":\"https:\/\/www.pielnet.fr\/carnet\/contact\/\",\"url\":\"https:\/\/www.pielnet.fr\/carnet\/contact\/\",\"name\":\"contact - le carnet - Piel\",\"isPartOf\":{\"@id\":\"https:\/\/www.pielnet.fr\/carnet\/#website\"},\"primaryImageOfPage\":{\"@id\":\"https:\/\/www.pielnet.fr\/carnet\/contact\/#primaryimage\"},\"image\":{\"@id\":\"https:\/\/www.pielnet.fr\/carnet\/contact\/#primaryimage\"},\"thumbnailUrl\":\"https:\/\/www.pielnet.fr\/carnet\/wp-content\/uploads\/2020\/01\/piel_poissoncoloresL800x150.png\",\"datePublished\":\"2015-01-25T12:00:38+00:00\",\"dateModified\":\"2024-03-21T07:10:48+00:00\",\"breadcrumb\":{\"@id\":\"https:\/\/www.pielnet.fr\/carnet\/contact\/#breadcrumb\"},\"inLanguage\":\"fr-FR\",\"potentialAction\":[{\"@type\":\"ReadAction\",\"target\":[\"https:\/\/www.pielnet.fr\/carnet\/contact\/\"]}]},{\"@type\":\"ImageObject\",\"inLanguage\":\"fr-FR\",\"@id\":\"https:\/\/www.pielnet.fr\/carnet\/contact\/#primaryimage\",\"url\":\"https:\/\/www.pielnet.fr\/carnet\/wp-content\/uploads\/2020\/01\/piel_poissoncoloresL800x150.png\",\"contentUrl\":\"https:\/\/www.pielnet.fr\/carnet\/wp-content\/uploads\/2020\/01\/piel_poissoncoloresL800x150.png\",\"width\":800,\"height\":600,\"caption\":\"Poissons color\u00e9s by Piel\"},{\"@type\":\"BreadcrumbList\",\"@id\":\"https:\/\/www.pielnet.fr\/carnet\/contact\/#breadcrumb\",\"itemListElement\":[{\"@type\":\"ListItem\",\"position\":1,\"name\":\"Accueil\",\"item\":\"https:\/\/www.pielnet.fr\/carnet\/\"},{\"@type\":\"ListItem\",\"position\":2,\"name\":\"contact\"}]},{\"@type\":\"WebSite\",\"@id\":\"https:\/\/www.pielnet.fr\/carnet\/#website\",\"url\":\"https:\/\/www.pielnet.fr\/carnet\/\",\"name\":\"le carnet - Piel\",\"description\":\"R\u00e9cits &amp; Territoires - Raconter en images les r\u00e9cits du sensible\",\"publisher\":{\"@id\":\"https:\/\/www.pielnet.fr\/carnet\/#\/schema\/person\/7c09d20dd138514cf3647ce37f1f755d\"},\"potentialAction\":[{\"@type\":\"SearchAction\",\"target\":{\"@type\":\"EntryPoint\",\"urlTemplate\":\"https:\/\/www.pielnet.fr\/carnet\/?s={search_term_string}\"},\"query-input\":{\"@type\":\"PropertyValueSpecification\",\"valueRequired\":true,\"valueName\":\"search_term_string\"}}],\"inLanguage\":\"fr-FR\"},{\"@type\":[\"Person\",\"Organization\"],\"@id\":\"https:\/\/www.pielnet.fr\/carnet\/#\/schema\/person\/7c09d20dd138514cf3647ce37f1f755d\",\"name\":\"arnopiel\",\"image\":{\"@type\":\"ImageObject\",\"inLanguage\":\"fr-FR\",\"@id\":\"https:\/\/www.pielnet.fr\/carnet\/#\/schema\/person\/image\/\",\"url\":\"https:\/\/www.pielnet.fr\/carnet\/wp-content\/uploads\/2021\/01\/IMG_20201212_150932.jpg\",\"contentUrl\":\"https:\/\/www.pielnet.fr\/carnet\/wp-content\/uploads\/2021\/01\/IMG_20201212_150932.jpg\",\"width\":1432,\"height\":1432,\"caption\":\"arnopiel\"},\"logo\":{\"@id\":\"https:\/\/www.pielnet.fr\/carnet\/#\/schema\/person\/image\/\"}}]}<\/script>\n<!-- \/ Yoast SEO plugin. -->","yoast_head_json":{"title":"contact - le carnet - Piel","robots":{"index":"index","follow":"follow","max-snippet":"max-snippet:-1","max-image-preview":"max-image-preview:large","max-video-preview":"max-video-preview:-1"},"canonical":"https:\/\/www.pielnet.fr\/carnet\/contact\/","og_locale":"fr_FR","og_type":"article","og_title":"contact - le carnet - Piel","og_description":"0630084430 (Arnaud JAMIN) &nbsp; PAGE FACEBOOK &nbsp; Cr\u00e9ations au service des arts, de la culture, du social, de l&rsquo;humain, du local et de la communaut\u00e9 et d&rsquo;une certaine beaut\u00e9 du monde. D\u00e9veloppement php\/mysql sur mesure. Administration de serveurs. compatibilit\u00e9 multi-supports Vid\u00e9o, sites web &amp; Photo depuis 1999. freelance. en savoir plus&#8230; www.pielnet.fr &nbsp;","og_url":"https:\/\/www.pielnet.fr\/carnet\/contact\/","og_site_name":"le carnet - Piel","article_modified_time":"2024-03-21T07:10:48+00:00","og_image":[{"width":800,"height":600,"url":"https:\/\/www.pielnet.fr\/carnet\/wp-content\/uploads\/2020\/01\/piel_poissoncoloresL800x150.png","type":"image\/png"}],"twitter_card":"summary_large_image","twitter_misc":{"Dur\u00e9e de lecture estim\u00e9e":"3 minutes"},"schema":{"@context":"https:\/\/schema.org","@graph":[{"@type":"WebPage","@id":"https:\/\/www.pielnet.fr\/carnet\/contact\/","url":"https:\/\/www.pielnet.fr\/carnet\/contact\/","name":"contact - le carnet - Piel","isPartOf":{"@id":"https:\/\/www.pielnet.fr\/carnet\/#website"},"primaryImageOfPage":{"@id":"https:\/\/www.pielnet.fr\/carnet\/contact\/#primaryimage"},"image":{"@id":"https:\/\/www.pielnet.fr\/carnet\/contact\/#primaryimage"},"thumbnailUrl":"https:\/\/www.pielnet.fr\/carnet\/wp-content\/uploads\/2020\/01\/piel_poissoncoloresL800x150.png","datePublished":"2015-01-25T12:00:38+00:00","dateModified":"2024-03-21T07:10:48+00:00","breadcrumb":{"@id":"https:\/\/www.pielnet.fr\/carnet\/contact\/#breadcrumb"},"inLanguage":"fr-FR","potentialAction":[{"@type":"ReadAction","target":["https:\/\/www.pielnet.fr\/carnet\/contact\/"]}]},{"@type":"ImageObject","inLanguage":"fr-FR","@id":"https:\/\/www.pielnet.fr\/carnet\/contact\/#primaryimage","url":"https:\/\/www.pielnet.fr\/carnet\/wp-content\/uploads\/2020\/01\/piel_poissoncoloresL800x150.png","contentUrl":"https:\/\/www.pielnet.fr\/carnet\/wp-content\/uploads\/2020\/01\/piel_poissoncoloresL800x150.png","width":800,"height":600,"caption":"Poissons color\u00e9s by Piel"},{"@type":"BreadcrumbList","@id":"https:\/\/www.pielnet.fr\/carnet\/contact\/#breadcrumb","itemListElement":[{"@type":"ListItem","position":1,"name":"Accueil","item":"https:\/\/www.pielnet.fr\/carnet\/"},{"@type":"ListItem","position":2,"name":"contact"}]},{"@type":"WebSite","@id":"https:\/\/www.pielnet.fr\/carnet\/#website","url":"https:\/\/www.pielnet.fr\/carnet\/","name":"le carnet - Piel","description":"R\u00e9cits &amp; Territoires - Raconter en images les r\u00e9cits du sensible","publisher":{"@id":"https:\/\/www.pielnet.fr\/carnet\/#\/schema\/person\/7c09d20dd138514cf3647ce37f1f755d"},"potentialAction":[{"@type":"SearchAction","target":{"@type":"EntryPoint","urlTemplate":"https:\/\/www.pielnet.fr\/carnet\/?s={search_term_string}"},"query-input":{"@type":"PropertyValueSpecification","valueRequired":true,"valueName":"search_term_string"}}],"inLanguage":"fr-FR"},{"@type":["Person","Organization"],"@id":"https:\/\/www.pielnet.fr\/carnet\/#\/schema\/person\/7c09d20dd138514cf3647ce37f1f755d","name":"arnopiel","image":{"@type":"ImageObject","inLanguage":"fr-FR","@id":"https:\/\/www.pielnet.fr\/carnet\/#\/schema\/person\/image\/","url":"https:\/\/www.pielnet.fr\/carnet\/wp-content\/uploads\/2021\/01\/IMG_20201212_150932.jpg","contentUrl":"https:\/\/www.pielnet.fr\/carnet\/wp-content\/uploads\/2021\/01\/IMG_20201212_150932.jpg","width":1432,"height":1432,"caption":"arnopiel"},"logo":{"@id":"https:\/\/www.pielnet.fr\/carnet\/#\/schema\/person\/image\/"}}]}},"_links":{"self":[{"href":"https:\/\/www.pielnet.fr\/carnet\/wp-json\/wp\/v2\/pages\/2","targetHints":{"allow":["GET"]}}],"collection":[{"href":"https:\/\/www.pielnet.fr\/carnet\/wp-json\/wp\/v2\/pages"}],"about":[{"href":"https:\/\/www.pielnet.fr\/carnet\/wp-json\/wp\/v2\/types\/page"}],"author":[{"embeddable":true,"href":"https:\/\/www.pielnet.fr\/carnet\/wp-json\/wp\/v2\/users\/1"}],"replies":[{"embeddable":true,"href":"https:\/\/www.pielnet.fr\/carnet\/wp-json\/wp\/v2\/comments?post=2"}],"version-history":[{"count":56,"href":"https:\/\/www.pielnet.fr\/carnet\/wp-json\/wp\/v2\/pages\/2\/revisions"}],"predecessor-version":[{"id":3251,"href":"https:\/\/www.pielnet.fr\/carnet\/wp-json\/wp\/v2\/pages\/2\/revisions\/3251"}],"wp:featuredmedia":[{"embeddable":true,"href":"https:\/\/www.pielnet.fr\/carnet\/wp-json\/wp\/v2\/media\/1565"}],"wp:attachment":[{"href":"https:\/\/www.pielnet.fr\/carnet\/wp-json\/wp\/v2\/media?parent=2"}],"curies":[{"name":"wp","href":"https:\/\/api.w.org\/{rel}","templated":true}]}}