{"version":"1.0","provider_name":"le carnet - Piel","provider_url":"https:\/\/www.pielnet.fr\/carnet","author_name":"arnopiel","author_url":"https:\/\/www.pielnet.fr\/carnet\/author\/arnopiel\/","title":"La valorisation de la viande de venaison - le carnet - Piel","type":"rich","width":600,"height":338,"html":"<blockquote class=\"wp-embedded-content\" data-secret=\"MZ1OJl9JDH\"><a href=\"https:\/\/www.pielnet.fr\/carnet\/la-valorisation-de-la-viande-de-venaison\/\">La valorisation de la viande de venaison<\/a><\/blockquote><iframe sandbox=\"allow-scripts\" security=\"restricted\" src=\"https:\/\/www.pielnet.fr\/carnet\/la-valorisation-de-la-viande-de-venaison\/embed\/#?secret=MZ1OJl9JDH\" width=\"600\" height=\"338\" title=\"\u00ab\u00a0La valorisation de la viande de venaison\u00a0\u00bb &#8212; le carnet - Piel\" data-secret=\"MZ1OJl9JDH\" frameborder=\"0\" marginwidth=\"0\" marginheight=\"0\" scrolling=\"no\" class=\"wp-embedded-content\"><\/iframe><script>\n\/*! This file is auto-generated *\/\n!function(d,l){\"use strict\";l.querySelector&&d.addEventListener&&\"undefined\"!=typeof URL&&(d.wp=d.wp||{},d.wp.receiveEmbedMessage||(d.wp.receiveEmbedMessage=function(e){var t=e.data;if((t||t.secret||t.message||t.value)&&!\/[^a-zA-Z0-9]\/.test(t.secret)){for(var s,r,n,a=l.querySelectorAll('iframe[data-secret=\"'+t.secret+'\"]'),o=l.querySelectorAll('blockquote[data-secret=\"'+t.secret+'\"]'),c=new RegExp(\"^https?:$\",\"i\"),i=0;i<o.length;i++)o[i].style.display=\"none\";for(i=0;i<a.length;i++)s=a[i],e.source===s.contentWindow&&(s.removeAttribute(\"style\"),\"height\"===t.message?(1e3<(r=parseInt(t.value,10))?r=1e3:~~r<200&&(r=200),s.height=r):\"link\"===t.message&&(r=new URL(s.getAttribute(\"src\")),n=new URL(t.value),c.test(n.protocol))&&n.host===r.host&&l.activeElement===s&&(d.top.location.href=t.value))}},d.addEventListener(\"message\",d.wp.receiveEmbedMessage,!1),l.addEventListener(\"DOMContentLoaded\",function(){for(var e,t,s=l.querySelectorAll(\"iframe.wp-embedded-content\"),r=0;r<s.length;r++)(t=(e=s[r]).getAttribute(\"data-secret\"))||(t=Math.random().toString(36).substring(2,12),e.src+=\"#?secret=\"+t,e.setAttribute(\"data-secret\",t)),e.contentWindow.postMessage({message:\"ready\",secret:t},\"*\")},!1)))}(window,document);\n<\/script>\n","thumbnail_url":"https:\/\/www.pielnet.fr\/carnet\/wp-content\/uploads\/2022\/12\/Capture-decran-2026-01-18-155521.png","thumbnail_width":1691,"thumbnail_height":876,"description":"Aujourd'hui seulement 50%* de la viande de gibier vendue en France serait d\u2019origine fran\u00e7aise alors que la ressource existe et que le d\u00e9veloppement de certaines esp\u00e8ces comme le sanglier n\u2019est plus ma\u00eetris\u00e9. C\u2019est avant tout une question d\u2019organisation de fili\u00e8re. Consciente de cet enjeu, la F\u00e9d\u00e9ration des Parcs naturels r\u00e9gionaux a particip\u00e9 \u00e0 un projet europ\u00e9en \u00ab\u00a0venaison\u00a0\u00bb visant \u00e0 mieux valoriser localement la viande issue de la chasse. Sur les 8 projets pilotes, 2 sont des Parcs naturels r\u00e9gionaux, ceux des Ballons des Vosges et des Ardennes. Aujourd\u2019hui, si un dialogue est encore \u00e0 construire pour concilier les diff\u00e9rents usages des espaces naturels, ces Parcs naturels r\u00e9gionaux ont pris le parti de mettre les acteurs concern\u00e9s en relation et de valoriser localement cette viande de venaison."}